{"id":8,"date":"2015-02-02T08:00:42","date_gmt":"2015-02-02T08:00:42","guid":{"rendered":"http:\/\/www.cotentinvolibre.com\/WP\/?page_id=8"},"modified":"2025-12-28T21:19:12","modified_gmt":"2025-12-28T20:19:12","slug":"club","status":"publish","type":"page","link":"https:\/\/www.cotentinvolibre.com\/?page_id=8","title":{"rendered":"Club"},"content":{"rendered":"\n<h1 class=\"wp-block-heading\">Le club<\/h1>\n\n\n\n<div class=\"wp-block-columns is-layout-flex wp-container-core-columns-is-layout-9d6595d7 wp-block-columns-is-layout-flex\">\n<div class=\"wp-block-column is-layout-flow wp-block-column-is-layout-flow\" style=\"flex-basis:33.33%\">\n<figure class=\"wp-block-image size-large\"><img loading=\"lazy\" decoding=\"async\" width=\"181\" height=\"180\" data-orig-file=\"https:\/\/www.cotentinvolibre.com\/wp-content\/uploads\/2015\/02\/FFVL.jpg\" data-attachment-url=\"https:\/\/www.cotentinvolibre.com\/?attachment_id=638\" data-aspectratio=\"1.01\" data-caption=\"\" data-image-title=\"FFVL\" data-image-description=\"\" srcset=\"https:\/\/www.cotentinvolibre.com\/wp-content\/uploads\/2015\/02\/FFVL.jpg 181w, https:\/\/www.cotentinvolibre.com\/wp-content\/uploads\/2015\/02\/FFVL-150x150.jpg 150w\" src=\"https:\/\/www.cotentinvolibre.com\/wp-content\/uploads\/2015\/02\/FFVL.jpg\" alt=\"\" class=\"wp-image-638\"\/><\/figure>\n\n<script type=\"application\/ld+json\">[\n    {\n        \"@context\": \"https:\/\/schema.org\/\",\n        \"@type\": \"ImageObject\",\n        \"contentUrl\": \"https:\/\/www.cotentinvolibre.com\/wp-content\/uploads\/2015\/02\/FFVL.jpg\",\n        \"license\": \"\",\n        \"acquireLicensePage\": \"\"\n    }\n]<\/script><\/div>\n\n\n\n<div class=\"wp-block-column is-layout-flow wp-block-column-is-layout-flow\" style=\"flex-basis:66.66%\">\n<p><strong>Affiliation \u00e0 la&nbsp; F\u00e9d\u00e9ration Fran\u00e7aise de Vol libre<\/strong>&nbsp;N\u00b0 08232.<br> Affiliation Jeunesse et Sport&nbsp;: S.50.16.86.<br> D\u00e9claration d\u2019\u00e9tablissement \u00e0 la DDJS de la Manche N\u00b0 05099ET0024.<br> N\u00b0 pr\u00e9fectoral de l\u2019association&nbsp;: 502002450.<br> Courrier&nbsp;: Camp Maneyrol  Mairie de Vauville 50440 la hague<br> <\/p>\n\n\n\n<p><strong>Adresse document administratif et facture:<\/strong><br>Luc Letrouv\u00e9 Cotentin Vol Libre<br>8 cite la Croix du Siquet 50340 Les Pieux<\/p>\n<\/div>\n<\/div>\n\n\n\n<h2 class=\"wp-block-heading\">Historique<\/h2>\n\n\n\n<p>Cotentin Vol Libre est une association loi de 1901 cr\u00e9\u00e9e en 1983 ayant pour but de faire conna\u00eetre le Vol Libre et d\u00e9velopper sa pratique dans le Cotentin.<br>Elle est affili\u00e9e \u00e0 la F\u00e9d\u00e9ration Fran\u00e7aise de Vol Libre qui a en charge le parapente, le deltaplane, le cerf-volant, le kite et le boomerang.<\/p>\n\n\n\n<h2 class=\"wp-block-heading\">Pratique<\/h2>\n\n\n\n<p>Nos adh\u00e9rents pratiquent essentiellement le parapente, mais nous accueillons aussi les pratiquants de deltaplane, de kitesurf ou de cerf-volant.<\/p>\n\n\n\n<p>Nous pouvons vous faire d\u00e9couvrir le parapente aux travers de <a title=\"Vol biplace\" href=\"https:\/\/www.cotentinvolibre.com\/?page_id=69\">vols en biplace<\/a>.<br>En revanche, nous ne sommes pas en mesure de vous proposer une formation. Pour cela, il faudra\u00a0vous\u00a0rendre dans une \u00e9cole de vol libre pour suivre un stage initiation.<br>Vous trouverez la liste des \u00e9coles les plus proches sur la page \u00ab\u00a0<a title=\"Apprendre \u00e0 voler\" href=\"https:\/\/www.cotentinvolibre.com\/?page_id=71\">apprendre \u00e0 voler<\/a>\u00ab\u00a0.<\/p>\n\n\n\n<h2 class=\"wp-block-heading\">Adh\u00e9sion<\/h2>\n\n\n\n<p>L\u2019adh\u00e9sion \u00e0 notre association se fait sur le&nbsp;<a rel=\"noreferrer noopener\" href=\"https:\/\/intranet.ffvl.fr\/\" target=\"_blank\">site intranet de la F\u00e9d\u00e9ration Fran\u00e7aise de Vol Libre<\/a>.<br>Le tarif est de 20 euros, auxquels viennent s\u2019ajouter une cotisation \u00e0 la Ligue de Normandie de Vol Libre (7 \u20ac) et au Comit\u00e9 D\u00e9partemental de Vol Libre (2\u20ac).<br>Le tarif de la licence f\u00e9d\u00e9rale varie en fonction de votre niveau de qualification et des options d\u2019assurance choisies.<\/p>\n\n\n\n<h2 class=\"wp-block-heading\">Comit\u00e9 Directeur<\/h2>\n\n\n<div class=\"shortcode-author-avatars\" style=\"padding-left: 0.2em;\"><div class=\"author-list\"><div class=\"user with-name name-group-0-r name-group-last-c user-202 with-biography bio-length--1 biography-missing\" style=\"\"><span class=\"avatar\" title=\"Richard COQUIN\"><img src='https:\/\/secure.gravatar.com\/avatar\/35c5a3b03f61a2d801794addd39961af19adfb13b91c1adf88651146bcc91ac2?s=151&#038;d=mm&#038;r=g' srcset='https:\/\/secure.gravatar.com\/avatar\/35c5a3b03f61a2d801794addd39961af19adfb13b91c1adf88651146bcc91ac2?s=302&#038;d=mm&#038;r=g 2x' class='avatar avatar-151 photo' height='151' width='151' alt=\"avatar pour Richard COQUIN\"  style=\"\"  \/><\/span><span class=\"name\"><strong>Richard COQUIN<\/strong><\/span><\/div><div class=\"user with-name name-group-0-f name-group-last-d user-179 with-biography bio-length--1\" style=\"\"><span class=\"avatar\" title=\"Fr\u00e9d\u00e9ric Devaux\"><img src='https:\/\/secure.gravatar.com\/avatar\/50eda72e246391b2651b1767b39e03bfe51f3a955d853274bb5f1630fdf9f4fe?s=151&#038;d=mm&#038;r=g' srcset='https:\/\/secure.gravatar.com\/avatar\/50eda72e246391b2651b1767b39e03bfe51f3a955d853274bb5f1630fdf9f4fe?s=302&#038;d=mm&#038;r=g 2x' class='avatar avatar-151 photo' height='151' width='151' alt=\"avatar pour Fr\u00e9d\u00e9ric Devaux\"  style=\"\"  \/><\/span><span class=\"name\"><strong>Fr\u00e9d\u00e9ric Devaux<\/strong><\/span><div class=\"biography\"><p>Commission Mat\u00e9riel<\/p>\n<\/div><\/div><div class=\"user with-name name-group-0-y name-group-last-h user-176 with-biography bio-length--1 biography-missing\" style=\"\"><span class=\"avatar\" title=\"Yannick Hans\"><img src='https:\/\/www.cotentinvolibre.com\/wp-content\/uploads\/files\/48228_467596119951711_361649695_o-1616761813.jpg' class='avatar avatar-151 photo' height='151' width='151' alt=\"avatar pour Yannick Hans\"  style=\"\"  \/><\/span><span class=\"name\"><strong>Yannick Hans<\/strong><\/span><\/div><div class=\"user with-name name-group-0-a name-group-last-b user-170 with-biography bio-length--1\" style=\"\"><span class=\"avatar\" title=\"Alain Borissof\"><img src='https:\/\/www.cotentinvolibre.com\/wp-content\/uploads\/files\/alain.jpg' class='avatar avatar-151 photo' height='151' width='151' alt=\"avatar pour Alain Borissof\"  style=\"\"  \/><\/span><span class=\"name\"><strong>Alain Borissof<\/strong><\/span><div class=\"biography\"><p>Secr\u00e9taire<\/p>\n<\/div><\/div><div class=\"user with-name name-group-0-l name-group-last-l user-169 with-biography bio-length--1\" style=\"\"><span class=\"avatar\" title=\"Luc Letrouv\u00e9\"><img src='https:\/\/www.cotentinvolibre.com\/wp-content\/uploads\/2019\/12\/luc-letrouve-scaled-151x151.jpg' srcset='https:\/\/www.cotentinvolibre.com\/wp-content\/uploads\/2019\/12\/luc-letrouve-scaled-302x302.jpg 2x' class='avatar avatar-151 photo' height='151' width='151' alt=\"avatar pour Luc Letrouv\u00e9\"  style=\"\"  \/><\/span><span class=\"name\"><strong>Luc Letrouv\u00e9<\/strong><\/span><div class=\"biography\"><p>Pr\u00e9sident<br \/>\nWebmaster<\/p>\n<\/div><\/div><div class=\"user with-name name-group-0-s name-group-1-l name-group-last-c user-160 with-biography bio-length--1\" style=\"\"><span class=\"avatar\" title=\"St\u00e9phanie Le Courtois\"><img src='https:\/\/www.cotentinvolibre.com\/wp-content\/uploads\/2019\/01\/Stephanie-Lecourtois-151x151.jpg' srcset='https:\/\/www.cotentinvolibre.com\/wp-content\/uploads\/2019\/01\/Stephanie-Lecourtois-302x302.jpg 2x' class='avatar avatar-151 photo' height='151' width='151' alt=\"avatar pour St\u00e9phanie Le Courtois\"  style=\"\"  \/><\/span><span class=\"name\"><strong>St\u00e9phanie Le Courtois<\/strong><\/span><div class=\"biography\"><p>Commission F\u00e9minine<\/p>\n<\/div><\/div><div class=\"user with-name name-group-0-d name-group-last-l user-110 with-biography bio-length--1 biography-missing\" style=\"\"><span class=\"avatar\" title=\"Denis Lecroere\"><img src='https:\/\/secure.gravatar.com\/avatar\/8826f51c0252037bef12da39e863277289a5876bd196a06281be3d84aedbcd58?s=151&#038;d=mm&#038;r=g' srcset='https:\/\/secure.gravatar.com\/avatar\/8826f51c0252037bef12da39e863277289a5876bd196a06281be3d84aedbcd58?s=302&#038;d=mm&#038;r=g 2x' class='avatar avatar-151 photo' height='151' width='151' alt=\"avatar pour Denis Lecroere\"  style=\"\"  \/><\/span><span class=\"name\"><strong>Denis Lecroere<\/strong><\/span><\/div><div class=\"user with-name name-group-0-t name-group-last-g user-83 with-biography bio-length--1 biography-missing\" style=\"\"><span class=\"avatar\" title=\"Thierry Gouiller\"><img src='https:\/\/www.cotentinvolibre.com\/wp-content\/uploads\/2015\/02\/Gouiller_Thierry-151x151.jpg' srcset='https:\/\/www.cotentinvolibre.com\/wp-content\/uploads\/2015\/02\/Gouiller_Thierry-302x302.jpg 2x' class='avatar avatar-151 photo' height='151' width='151' alt=\"avatar pour Thierry Gouiller\"  style=\"\"  \/><\/span><span class=\"name\"><strong>Thierry Gouiller<\/strong><\/span><\/div><div class=\"user with-name name-group-0-i name-group-last-c user-62 with-biography bio-length--1 biography-missing\" style=\"\"><span class=\"avatar\" title=\"Idrissa Coulibaly\"><img src='https:\/\/secure.gravatar.com\/avatar\/7377c574702330d00107b6ec07b628c22778004ee9e711ca485b660681b9d5e9?s=151&#038;d=mm&#038;r=g' srcset='https:\/\/secure.gravatar.com\/avatar\/7377c574702330d00107b6ec07b628c22778004ee9e711ca485b660681b9d5e9?s=302&#038;d=mm&#038;r=g 2x' class='avatar avatar-151 photo' height='151' width='151' alt=\"avatar pour Idrissa Coulibaly\"  style=\"\"  \/><\/span><span class=\"name\"><strong>Idrissa Coulibaly<\/strong><\/span><\/div><div class=\"user with-name name-group-0-p name-group-last-c user-60 with-biography bio-length--1 biography-missing\" style=\"\"><span class=\"avatar\" title=\"Pierre Cottin\"><img src='https:\/\/www.cotentinvolibre.com\/wp-content\/uploads\/2018\/01\/Cottin_Pierre-150x150.jpg' srcset='https:\/\/www.cotentinvolibre.com\/wp-content\/uploads\/2018\/01\/Cottin_Pierre-150x150.jpg 2x' class='avatar avatar-151 photo' height='151' width='151' alt=\"avatar pour Pierre Cottin\"  style=\"\"  \/><\/span><span class=\"name\"><strong>Pierre Cottin<\/strong><\/span><\/div><div class=\"user with-name name-group-0-s name-group-last-c user-25 with-biography bio-length--1\" style=\"\"><span class=\"avatar\" title=\"Sylvain Choffee\"><img src='https:\/\/www.cotentinvolibre.com\/wp-content\/uploads\/2018\/05\/Sylvain_Choffee-151x151.jpg' srcset='https:\/\/www.cotentinvolibre.com\/wp-content\/uploads\/2018\/05\/Sylvain_Choffee-302x302.jpg 2x' class='avatar avatar-151 photo' height='151' width='151' alt=\"avatar pour Sylvain Choffee\"  style=\"\"  \/><\/span><span class=\"name\"><strong>Sylvain Choffee<\/strong><\/span><div class=\"biography\"><p>Commission Formation\u00a0<\/p>\n<\/div><\/div><div class=\"user with-name name-group-0-a name-group-last-v user-14 with-biography bio-length--1\" style=\"\"><span class=\"avatar\" title=\"Arthur Vicomte\"><img src='https:\/\/www.cotentinvolibre.com\/wp-content\/uploads\/2016\/01\/moi-e1577774440958-151x151.png' srcset='https:\/\/www.cotentinvolibre.com\/wp-content\/uploads\/2016\/01\/moi-e1577774440958-302x302.png 2x' class='avatar avatar-151 photo' height='151' width='151' alt=\"avatar pour Arthur Vicomte\"  style=\"\"  \/><\/span><span class=\"name\"><strong>Arthur Vicomte<\/strong><\/span><div class=\"biography\"><p>Tr\u00e9sorier<\/p>\n<\/div><\/div><\/div><\/div>\n\n\n<h1 class=\"wp-block-heading\">Nos Partenaires<\/h1>\n\n\n\n<p>Nous remercions ici nos partenaires qui nous apportent leur soutien dans la pratique de nos activit\u00e9s<\/p>\n\n\n\n<div class=\"wp-block-columns is-layout-flex wp-container-core-columns-is-layout-9d6595d7 wp-block-columns-is-layout-flex\">\n<div class=\"wp-block-column is-layout-flow wp-block-column-is-layout-flow\">\n<div class=\"wp-block-columns is-layout-flex wp-container-core-columns-is-layout-9d6595d7 wp-block-columns-is-layout-flex\">\n<div class=\"wp-block-column is-layout-flow wp-block-column-is-layout-flow\">\n<figure class=\"wp-block-image size-large is-resized\"><img loading=\"lazy\" decoding=\"async\" width=\"181\" height=\"180\" data-orig-file=\"https:\/\/www.cotentinvolibre.com\/wp-content\/uploads\/2015\/02\/FFVL.jpg\" data-attachment-url=\"https:\/\/www.cotentinvolibre.com\/?attachment_id=638\" data-aspectratio=\"1.01\" data-caption=\"\" data-image-title=\"FFVL\" data-image-description=\"\" srcset=\"https:\/\/www.cotentinvolibre.com\/wp-content\/uploads\/2015\/02\/FFVL.jpg 181w, https:\/\/www.cotentinvolibre.com\/wp-content\/uploads\/2015\/02\/FFVL-150x150.jpg 150w\" src=\"https:\/\/www.cotentinvolibre.com\/wp-content\/uploads\/2015\/02\/FFVL.jpg\" alt=\"\" class=\"wp-image-638\" style=\"width:110px;height:109px\"\/><\/figure>\n\n<script type=\"application\/ld+json\">[\n    {\n        \"@context\": \"https:\/\/schema.org\/\",\n        \"@type\": \"ImageObject\",\n        \"contentUrl\": \"https:\/\/www.cotentinvolibre.com\/wp-content\/uploads\/2015\/02\/FFVL.jpg\",\n        \"license\": \"\",\n        \"acquireLicensePage\": \"\"\n    }\n]<\/script>\n\n\n<p>La F\u00e9d\u00e9ration Fran\u00e7aise de Vol Libre<\/p>\n<\/div>\n\n\n\n<div class=\"wp-block-column is-layout-flow wp-block-column-is-layout-flow\">\n<figure class=\"wp-block-image size-large is-resized\"><img loading=\"lazy\" decoding=\"async\" width=\"400\" height=\"400\" data-orig-file=\"https:\/\/www.cotentinvolibre.com\/wp-content\/uploads\/2015\/02\/lahague.jpg\" data-attachment-url=\"https:\/\/www.cotentinvolibre.com\/?attachment_id=639\" data-aspectratio=\"1\" data-caption=\"\" data-image-title=\"lahague\" data-image-description=\"\" srcset=\"https:\/\/www.cotentinvolibre.com\/wp-content\/uploads\/2015\/02\/lahague-300x300.jpg 300w, https:\/\/www.cotentinvolibre.com\/wp-content\/uploads\/2015\/02\/lahague-150x150.jpg 150w, https:\/\/www.cotentinvolibre.com\/wp-content\/uploads\/2015\/02\/lahague.jpg 400w\" src=\"https:\/\/www.cotentinvolibre.com\/wp-content\/uploads\/2015\/02\/lahague.jpg\" alt=\"\" class=\"wp-image-639\" style=\"width:118px;height:118px\"\/><\/figure>\n\n<script type=\"application\/ld+json\">[\n    {\n        \"@context\": \"https:\/\/schema.org\/\",\n        \"@type\": \"ImageObject\",\n        \"contentUrl\": \"https:\/\/www.cotentinvolibre.com\/wp-content\/uploads\/2015\/02\/lahague.jpg\",\n        \"license\": \"\",\n        \"acquireLicensePage\": \"\"\n    }\n]<\/script>\n\n\n<p>La Communaut\u00e9 de Communes de la Hague<\/p>\n<\/div>\n<\/div>\n<\/div>\n\n\n\n<div class=\"wp-block-column is-layout-flow wp-block-column-is-layout-flow\">\n<div class=\"wp-block-columns is-layout-flex wp-container-core-columns-is-layout-9d6595d7 wp-block-columns-is-layout-flex\">\n<div class=\"wp-block-column is-layout-flow wp-block-column-is-layout-flow\">\n<figure class=\"wp-block-image size-full\"><img loading=\"lazy\" decoding=\"async\" width=\"721\" height=\"337\" data-orig-file=\"https:\/\/www.cotentinvolibre.com\/wp-content\/uploads\/2023\/03\/logo-cotentin.png\" data-attachment-url=\"https:\/\/www.cotentinvolibre.com\/?attachment_id=3725\" data-aspectratio=\"2.14\" data-caption=\"\" data-image-title=\"logo-cotentin\" data-image-description=\"\" srcset=\"https:\/\/www.cotentinvolibre.com\/wp-content\/uploads\/2023\/03\/logo-cotentin-300x140.png 300w, https:\/\/www.cotentinvolibre.com\/wp-content\/uploads\/2023\/03\/logo-cotentin.png 721w\" src=\"https:\/\/www.cotentinvolibre.com\/wp-content\/uploads\/2023\/03\/logo-cotentin.png\" alt=\". .\" class=\"wp-image-3725\"\/><\/figure>\n\n<script type=\"application\/ld+json\">[\n    {\n        \"@context\": \"https:\/\/schema.org\/\",\n        \"@type\": \"ImageObject\",\n        \"contentUrl\": \"https:\/\/www.cotentinvolibre.com\/wp-content\/uploads\/2023\/03\/logo-cotentin.png\",\n        \"license\": \"\",\n        \"acquireLicensePage\": \"\"\n    }\n]<\/script>\n\n\n<p>L&rsquo;Office de Tourisme de la Hague<\/p>\n<\/div>\n\n\n\n<div class=\"wp-block-column is-layout-flow wp-block-column-is-layout-flow\"><\/div>\n<\/div>\n<\/div>\n<\/div>\n\n\n\n<p><\/p>\n","protected":false},"excerpt":{"rendered":"<p>Le club Affiliation \u00e0 la&nbsp; F\u00e9d\u00e9ration Fran\u00e7aise de Vol libre&nbsp;N\u00b0 08232. Affiliation Jeunesse et Sport&nbsp;: S.50.16.86. D\u00e9claration d\u2019\u00e9tablissement \u00e0 la DDJS de la Manche N\u00b0 05099ET0024. N\u00b0 pr\u00e9fectoral de l\u2019association&nbsp;: 502002450. Courrier&nbsp;: Camp Maneyrol Mairie de Vauville 50440 la hague Adresse document administratif et facture:Luc Letrouv\u00e9 Cotentin Vol Libre8 cite la Croix du Siquet 50340 [&hellip;]<\/p>\n","protected":false},"author":1,"featured_media":0,"parent":0,"menu_order":19,"comment_status":"closed","ping_status":"open","template":"","meta":{"_uag_custom_page_level_css":"","footnotes":""},"class_list":["post-8","page","type-page","status-publish","hentry","entry"],"featured_image_src":null,"uagb_featured_image_src":{"full":false,"thumbnail":false,"medium":false,"medium_large":false,"large":false,"1536x1536":false,"2048x2048":false,"ocean-thumb-m":false,"ocean-thumb-ml":false,"ocean-thumb-l":false},"uagb_author_info":{"display_name":"CVL","author_link":"https:\/\/www.cotentinvolibre.com\/?author=1"},"uagb_comment_info":0,"uagb_excerpt":"Le club Affiliation \u00e0 la&nbsp; F\u00e9d\u00e9ration Fran\u00e7aise de Vol libre&nbsp;N\u00b0 08232. Affiliation Jeunesse et Sport&nbsp;: S.50.16.86. D\u00e9claration d\u2019\u00e9tablissement \u00e0 la DDJS de la Manche N\u00b0 05099ET0024. N\u00b0 pr\u00e9fectoral de l\u2019association&nbsp;: 502002450. Courrier&nbsp;: Camp Maneyrol Mairie de Vauville 50440 la hague Adresse document administratif et facture:Luc Letrouv\u00e9 Cotentin Vol Libre8 cite la Croix du Siquet 50340\u2026","_links":{"self":[{"href":"https:\/\/www.cotentinvolibre.com\/index.php?rest_route=\/wp\/v2\/pages\/8","targetHints":{"allow":["GET"]}}],"collection":[{"href":"https:\/\/www.cotentinvolibre.com\/index.php?rest_route=\/wp\/v2\/pages"}],"about":[{"href":"https:\/\/www.cotentinvolibre.com\/index.php?rest_route=\/wp\/v2\/types\/page"}],"author":[{"embeddable":true,"href":"https:\/\/www.cotentinvolibre.com\/index.php?rest_route=\/wp\/v2\/users\/1"}],"replies":[{"embeddable":true,"href":"https:\/\/www.cotentinvolibre.com\/index.php?rest_route=%2Fwp%2Fv2%2Fcomments&post=8"}],"version-history":[{"count":1,"href":"https:\/\/www.cotentinvolibre.com\/index.php?rest_route=\/wp\/v2\/pages\/8\/revisions"}],"predecessor-version":[{"id":4142,"href":"https:\/\/www.cotentinvolibre.com\/index.php?rest_route=\/wp\/v2\/pages\/8\/revisions\/4142"}],"wp:attachment":[{"href":"https:\/\/www.cotentinvolibre.com\/index.php?rest_route=%2Fwp%2Fv2%2Fmedia&parent=8"}],"curies":[{"name":"wp","href":"https:\/\/api.w.org\/{rel}","templated":true}]}}